{"id":5613,"date":"2021-03-06T21:16:30","date_gmt":"2021-03-06T20:16:30","guid":{"rendered":"http:\/\/www.kgvspallart.at\/?page_id=5613"},"modified":"2025-12-14T20:08:06","modified_gmt":"2025-12-14T19:08:06","slug":"vereinsleitung-2","status":"publish","type":"page","link":"https:\/\/www.kgvspallart.at\/?page_id=5613","title":{"rendered":"Vereinsleitung"},"content":{"rendered":"\n<figure class=\"wp-block-table is-style-stripes\"><table class=\"has-fixed-layout\"><tbody><tr><td class=\"has-text-align-center\" data-align=\"center\">ngg_shortcode_0_placeholder<\/td><td class=\"has-text-align-center\" data-align=\"center\">Wolfgang AUER<\/td><td class=\"has-text-align-center\" data-align=\"center\">Obmann<\/td><\/tr><tr><td class=\"has-text-align-center\" data-align=\"center\">ngg_shortcode_1_placeholder<\/td><td class=\"has-text-align-center\" data-align=\"center\">Roman KLAUS<\/td><td class=\"has-text-align-center\" data-align=\"center\">Obmann Stv.<\/td><\/tr><tr><td class=\"has-text-align-center\" data-align=\"center\">ngg_shortcode_2_placeholder<\/td><td class=\"has-text-align-center\" data-align=\"center\">Ursula LERCH<\/td><td class=\"has-text-align-center\" data-align=\"center\">Schriftf\u00fchrung<\/td><\/tr><tr><td class=\"has-text-align-center\" data-align=\"center\">ngg_shortcode_3_placeholder<\/td><td class=\"has-text-align-center\" data-align=\"center\">Monika ANDJELOVIC<\/td><td class=\"has-text-align-center\" data-align=\"center\">Schriftf\u00fchrung Stv.<\/td><\/tr><tr><td class=\"has-text-align-center\" data-align=\"center\">ngg_shortcode_4_placeholder<\/td><td class=\"has-text-align-center\" data-align=\"center\">Beatrix RAUTH<\/td><td class=\"has-text-align-center\" data-align=\"center\">Kassaf\u00fchrung<\/td><\/tr><tr><td class=\"has-text-align-center\" data-align=\"center\">ngg_shortcode_5_placeholder<\/td><td class=\"has-text-align-center\" data-align=\"center\">Christoph DOPPLINGER<\/td><td class=\"has-text-align-center\" data-align=\"center\">Kassaf\u00fchrung Stv.<\/td><\/tr><tr><td class=\"has-text-align-center\" data-align=\"center\">ngg_shortcode_6_placeholder<\/td><td class=\"has-text-align-center\" data-align=\"center\">Christine TUSCH<\/td><td class=\"has-text-align-center\" data-align=\"center\">Aufsichtsrat\/Kontrolle<\/td><\/tr><tr><td class=\"has-text-align-center\" data-align=\"center\">ngg_shortcode_7_placeholder<\/td><td class=\"has-text-align-center\" data-align=\"center\">Peter KIRCHNER<\/td><td class=\"has-text-align-center\" data-align=\"center\">Aufsichtsrat\/Kontrolle<\/td><\/tr><tr><td class=\"has-text-align-center\" data-align=\"center\">ngg_shortcode_8_placeholder<\/td><td class=\"has-text-align-center\" data-align=\"center\">Peter M\u00dcLLER<\/td><td class=\"has-text-align-center\" data-align=\"center\">Aufsichtsrat\/Kontrolle<\/td><\/tr><tr><td class=\"has-text-align-center\" data-align=\"center\"><\/td><td class=\"has-text-align-center\" data-align=\"center\">Johanna M\u00dcLLER<\/td><td class=\"has-text-align-center\" data-align=\"center\">Fachberatung<\/td><\/tr><tr><td class=\"has-text-align-center\" data-align=\"center\"><\/td><td class=\"has-text-align-center\" data-align=\"center\">Viktoria HRUZA<\/td><td class=\"has-text-align-center\" data-align=\"center\">Fachberatung<\/td><\/tr><tr><td class=\"has-text-align-center\" data-align=\"center\">ngg_shortcode_9_placeholder<\/td><td class=\"has-text-align-center\" data-align=\"center\">Walter M\u00dcLLER<\/td><td class=\"has-text-align-center\" data-align=\"center\">Fachberatung<\/td><\/tr><tr><td class=\"has-text-align-center\" data-align=\"center\">ngg_shortcode_10_placeholder<\/td><td class=\"has-text-align-center\" data-align=\"center\">Sylvia WILFINGER<\/td><td class=\"has-text-align-center\" data-align=\"center\">Gruppenleitung&nbsp;Gr. 1<\/td><\/tr><tr><td class=\"has-text-align-center\" data-align=\"center\"><\/td><td class=\"has-text-align-center\" data-align=\"center\">Claudia HOFER<\/td><td class=\"has-text-align-center\" data-align=\"center\">Gruppenleitung&nbsp;Gr. 2<\/td><\/tr><tr><td class=\"has-text-align-center\" data-align=\"center\">ngg_shortcode_11_placeholder<\/td><td class=\"has-text-align-center\" data-align=\"center\">Walter M\u00dcLLER<\/td><td class=\"has-text-align-center\" data-align=\"center\">Gruppenleitung&nbsp;Gr. 3<\/td><\/tr><tr><td class=\"has-text-align-center\" data-align=\"center\">ngg_shortcode_12_placeholder<\/td><td class=\"has-text-align-center\" data-align=\"center\">G\u00fcnther SKALA<\/td><td class=\"has-text-align-center\" data-align=\"center\">Gruppenleitung&nbsp;Gr. 4<\/td><\/tr><tr><td class=\"has-text-align-center\" data-align=\"center\">ngg_shortcode_13_placeholder<\/td><td class=\"has-text-align-center\" data-align=\"center\">Klaus QUINZ<\/td><td class=\"has-text-align-center\" data-align=\"center\">Beisitzer<\/td><\/tr><tr><td class=\"has-text-align-center\" data-align=\"center\">ngg_shortcode_14_placeholder<\/td><td class=\"has-text-align-center\" data-align=\"center\">Josef JARAUSCH<\/td><td class=\"has-text-align-center\" data-align=\"center\">Beisitzer<\/td><\/tr><tr><td class=\"has-text-align-center\" data-align=\"center\">ngg_shortcode_15_placeholder<\/td><td class=\"has-text-align-center\" data-align=\"center\">Peter STUNDNER<\/td><td class=\"has-text-align-center\" data-align=\"center\">Beisitzer<\/td><\/tr><tr><td class=\"has-text-align-center\" data-align=\"center\"><\/td><td class=\"has-text-align-center\" data-align=\"center\">Thomas HERZOG<\/td><td class=\"has-text-align-center\" data-align=\"center\">Beisitzer<\/td><\/tr><tr><td class=\"has-text-align-center\" data-align=\"center\">ngg_shortcode_16_placeholder<\/td><td class=\"has-text-align-center\" data-align=\"center\">Franz TUSCH<\/td><td class=\"has-text-align-center\" data-align=\"center\">Beisitzer<\/td><\/tr><tr><td class=\"has-text-align-center\" data-align=\"center\">ngg_shortcode_17_placeholder<\/td><td class=\"has-text-align-center\" data-align=\"center\">Christian KLAUDA<\/td><td class=\"has-text-align-center\" data-align=\"center\">Beisitzer<\/td><\/tr><tr><td class=\"has-text-align-center\" data-align=\"center\">ngg_shortcode_18_placeholder<\/td><td class=\"has-text-align-center\" data-align=\"center\">Karl GASSENBAUER<\/td><td class=\"has-text-align-center\" data-align=\"center\">Beisitzer<\/td><\/tr><\/tbody><\/table><\/figure>\n\n\n\n<p>Stand: M\u00e4rz 2024<\/p>\n\n\n","protected":false},"excerpt":{"rendered":"<p>Wolfgang AUER Obmann Roman KLAUS Obmann Stv. Ursula LERCH Schriftf\u00fchrung Monika ANDJELOVIC Schriftf\u00fchrung Stv. Beatrix RAUTH Kassaf\u00fchrung Christoph DOPPLINGER Kassaf\u00fchrung Stv. Christine TUSCH Aufsichtsrat\/Kontrolle Peter KIRCHNER Aufsichtsrat\/Kontrolle Peter M\u00dcLLER Aufsichtsrat\/Kontrolle Johanna M\u00dcLLER Fachberatung Viktoria HRUZA Fachberatung Walter M\u00dcLLER Fachberatung Sylvia WILFINGER Gruppenleitung&nbsp;Gr. 1 Claudia HOFER Gruppenleitung&nbsp;Gr. 2 Walter M\u00dcLLER Gruppenleitung&nbsp;Gr. 3 G\u00fcnther SKALA Gruppenleitung&nbsp;Gr. 4 Klaus QUINZ Beisitzer Josef JARAUSCH Beisitzer Peter STUNDNER Beisitzer Thomas HERZOG Beisitzer Franz TUSCH Beisitzer Christian KLAUDA Beisitzer Karl GASSENBAUER Beisitzer Stand: M\u00e4rz 2024<\/p>\n<p> <a class=\"continue-reading-link\" href=\"https:\/\/www.kgvspallart.at\/?page_id=5613\"><span>Mehr lesen<\/span><i class=\"crycon-right-dir\"><\/i><\/a> <\/p>\n","protected":false},"author":1,"featured_media":0,"parent":6,"menu_order":0,"comment_status":"closed","ping_status":"closed","template":"","meta":{"ngg_post_thumbnail":0,"_mc_calendar":[],"footnotes":""},"class_list":["post-5613","page","type-page","status-publish","hentry"],"_links":{"self":[{"href":"https:\/\/www.kgvspallart.at\/index.php?rest_route=\/wp\/v2\/pages\/5613","targetHints":{"allow":["GET"]}}],"collection":[{"href":"https:\/\/www.kgvspallart.at\/index.php?rest_route=\/wp\/v2\/pages"}],"about":[{"href":"https:\/\/www.kgvspallart.at\/index.php?rest_route=\/wp\/v2\/types\/page"}],"author":[{"embeddable":true,"href":"https:\/\/www.kgvspallart.at\/index.php?rest_route=\/wp\/v2\/users\/1"}],"replies":[{"embeddable":true,"href":"https:\/\/www.kgvspallart.at\/index.php?rest_route=%2Fwp%2Fv2%2Fcomments&post=5613"}],"version-history":[{"count":29,"href":"https:\/\/www.kgvspallart.at\/index.php?rest_route=\/wp\/v2\/pages\/5613\/revisions"}],"predecessor-version":[{"id":6470,"href":"https:\/\/www.kgvspallart.at\/index.php?rest_route=\/wp\/v2\/pages\/5613\/revisions\/6470"}],"up":[{"embeddable":true,"href":"https:\/\/www.kgvspallart.at\/index.php?rest_route=\/wp\/v2\/pages\/6"}],"wp:attachment":[{"href":"https:\/\/www.kgvspallart.at\/index.php?rest_route=%2Fwp%2Fv2%2Fmedia&parent=5613"}],"curies":[{"name":"wp","href":"https:\/\/api.w.org\/{rel}","templated":true}]}}